{"id":4989,"date":"2024-11-25T15:22:48","date_gmt":"2024-11-25T20:22:48","guid":{"rendered":"https:\/\/siar.minam.gob.pe\/tacna\/?page_id=4989"},"modified":"2025-11-07T08:42:18","modified_gmt":"2025-11-07T13:42:18","slug":"instrumentos-gestion","status":"publish","type":"page","link":"https:\/\/siar.minam.gob.pe\/tacna\/instrumentos-gestion\/","title":{"rendered":"Instrumentos de Gesti\u00f3n Regional"},"content":{"rendered":"\t\t<div data-elementor-type=\"wp-page\" data-elementor-id=\"4989\" class=\"elementor elementor-4989\" data-elementor-settings=\"[]\">\n\t\t\t\t\t\t\t<div class=\"elementor-section-wrap\">\n\t\t\t\t\t\t\t<section class=\"elementor-section elementor-top-section elementor-element elementor-element-448aefa elementor-section-height-min-height elementor-section-boxed elementor-section-height-default elementor-section-items-middle\" data-id=\"448aefa\" data-element_type=\"section\" data-settings=\"{&quot;background_background&quot;:&quot;classic&quot;}\">\n\t\t\t\t\t\t\t<div class=\"elementor-background-overlay\"><\/div>\n\t\t\t\t\t\t\t<div class=\"elementor-container elementor-column-gap-default\">\n\t\t\t\t\t<div class=\"elementor-column elementor-col-100 elementor-top-column elementor-element elementor-element-29da01f\" data-id=\"29da01f\" data-element_type=\"column\" data-settings=\"{&quot;background_background&quot;:&quot;classic&quot;}\">\n\t\t\t<div class=\"elementor-widget-wrap elementor-element-populated\">\n\t\t\t\t\t\t\t\t<div class=\"elementor-element elementor-element-fcda1d2 elementor-widget elementor-widget-heading\" data-id=\"fcda1d2\" data-element_type=\"widget\" data-widget_type=\"heading.default\">\n\t\t\t\t<div class=\"elementor-widget-container\">\n\t\t\t<h3 class=\"elementor-heading-title elementor-size-default\">Instrumentos de Gesti\u00f3n Regional<\/h3>\t\t<\/div>\n\t\t\t\t<\/div>\n\t\t\t\t<div class=\"elementor-element elementor-element-4184372 elementor-icon-list--layout-inline elementor-align-center elementor-list-item-link-full_width elementor-widget elementor-widget-icon-list\" data-id=\"4184372\" data-element_type=\"widget\" data-widget_type=\"icon-list.default\">\n\t\t\t\t<div class=\"elementor-widget-container\">\n\t\t\t\t\t<ul class=\"elementor-icon-list-items elementor-inline-items\">\n\t\t\t\t\t\t\t<li class=\"elementor-icon-list-item elementor-inline-item\">\n\t\t\t\t\t\t\t\t\t\t\t<a href=\"https:\/\/siar.minam.gob.pe\/tacna\/\">\n\n\t\t\t\t\t\t\t\t\t\t\t<span class=\"elementor-icon-list-text\">Inicio<\/span>\n\t\t\t\t\t\t\t\t\t\t\t<\/a>\n\t\t\t\t\t\t\t\t\t<\/li>\n\t\t\t\t\t\t\t\t<li class=\"elementor-icon-list-item elementor-inline-item\">\n\t\t\t\t\t\t\t\t\t\t\t<span class=\"elementor-icon-list-icon\">\n\t\t\t\t\t\t\t<i aria-hidden=\"true\" class=\"fas fa-angle-right\"><\/i>\t\t\t\t\t\t<\/span>\n\t\t\t\t\t\t\t\t\t\t<span class=\"elementor-icon-list-text\">Instrumentos de Gesti\u00f3n<\/span>\n\t\t\t\t\t\t\t\t\t<\/li>\n\t\t\t\t\t\t<\/ul>\n\t\t\t\t<\/div>\n\t\t\t\t<\/div>\n\t\t\t\t\t<\/div>\n\t\t<\/div>\n\t\t\t\t\t\t\t<\/div>\n\t\t<\/section>\n\t\t\t\t<section class=\"elementor-section elementor-top-section elementor-element elementor-element-47a8669 elementor-section-boxed elementor-section-height-default elementor-section-height-default\" data-id=\"47a8669\" data-element_type=\"section\">\n\t\t\t\t\t\t<div class=\"elementor-container elementor-column-gap-default\">\n\t\t\t\t\t<div class=\"elementor-column elementor-col-100 elementor-top-column elementor-element elementor-element-0d33a8d\" data-id=\"0d33a8d\" data-element_type=\"column\">\n\t\t\t<div class=\"elementor-widget-wrap elementor-element-populated\">\n\t\t\t\t\t\t\t\t<div class=\"elementor-element elementor-element-fb29eab elementor-widget elementor-widget-spacer\" data-id=\"fb29eab\" data-element_type=\"widget\" data-widget_type=\"spacer.default\">\n\t\t\t\t<div class=\"elementor-widget-container\">\n\t\t\t\t\t<div class=\"elementor-spacer\">\n\t\t\t<div class=\"elementor-spacer-inner\"><\/div>\n\t\t<\/div>\n\t\t\t\t<\/div>\n\t\t\t\t<\/div>\n\t\t\t\t\t<\/div>\n\t\t<\/div>\n\t\t\t\t\t\t\t<\/div>\n\t\t<\/section>\n\t\t\t\t<section class=\"elementor-section elementor-top-section elementor-element elementor-element-feddcdb elementor-section-boxed elementor-section-height-default elementor-section-height-default\" data-id=\"feddcdb\" data-element_type=\"section\">\n\t\t\t\t\t\t<div class=\"elementor-container elementor-column-gap-default\">\n\t\t\t\t\t<div class=\"elementor-column elementor-col-100 elementor-top-column elementor-element elementor-element-72f87a0\" data-id=\"72f87a0\" data-element_type=\"column\">\n\t\t\t<div class=\"elementor-widget-wrap elementor-element-populated\">\n\t\t\t\t\t\t\t\t<div class=\"elementor-element elementor-element-5357552 elementor-hidden-desktop elementor-hidden-tablet elementor-hidden-mobile elementor-widget elementor-widget-heading\" data-id=\"5357552\" data-element_type=\"widget\" data-widget_type=\"heading.default\">\n\t\t\t\t<div class=\"elementor-widget-container\">\n\t\t\t<h2 class=\"elementor-heading-title elementor-size-default\">Estrategia<\/h2>\t\t<\/div>\n\t\t\t\t<\/div>\n\t\t\t\t<section class=\"elementor-section elementor-inner-section elementor-element elementor-element-100bddf elementor-section-boxed elementor-section-height-default elementor-section-height-default\" data-id=\"100bddf\" data-element_type=\"section\">\n\t\t\t\t\t\t<div class=\"elementor-container elementor-column-gap-default\">\n\t\t\t\t\t<div class=\"elementor-column elementor-col-50 elementor-inner-column elementor-element elementor-element-5f7819a\" data-id=\"5f7819a\" data-element_type=\"column\">\n\t\t\t<div class=\"elementor-widget-wrap elementor-element-populated\">\n\t\t\t\t\t\t\t\t<div class=\"elementor-element elementor-element-33290d1 elementor-widget elementor-widget-heading\" data-id=\"33290d1\" data-element_type=\"widget\" data-widget_type=\"heading.default\">\n\t\t\t\t<div class=\"elementor-widget-container\">\n\t\t\t<h5 class=\"elementor-heading-title elementor-size-default\">Estrategia Regional para el Cambio Clim\u00e1tico - ERCC<\/h5>\t\t<\/div>\n\t\t\t\t<\/div>\n\t\t\t\t<div class=\"elementor-element elementor-element-03858ee elementor-widget elementor-widget-image\" data-id=\"03858ee\" data-element_type=\"widget\" data-widget_type=\"image.default\">\n\t\t\t\t<div class=\"elementor-widget-container\">\n\t\t\t\t\t\t\t\t\t\t\t\t\t\t\t<img width=\"800\" height=\"450\" src=\"https:\/\/siar.minam.gob.pe\/tacna\/wp-content\/uploads\/2024\/11\/CARATULA-CAMBIO-CLIMATICOv2-1024x576.jpg\" class=\"attachment-large size-large\" alt=\"\" loading=\"lazy\" srcset=\"https:\/\/siar.minam.gob.pe\/tacna\/wp-content\/uploads\/2024\/11\/CARATULA-CAMBIO-CLIMATICOv2-1024x576.jpg 1024w, https:\/\/siar.minam.gob.pe\/tacna\/wp-content\/uploads\/2024\/11\/CARATULA-CAMBIO-CLIMATICOv2-300x169.jpg 300w, https:\/\/siar.minam.gob.pe\/tacna\/wp-content\/uploads\/2024\/11\/CARATULA-CAMBIO-CLIMATICOv2-768x432.jpg 768w, https:\/\/siar.minam.gob.pe\/tacna\/wp-content\/uploads\/2024\/11\/CARATULA-CAMBIO-CLIMATICOv2-1536x864.jpg 1536w, https:\/\/siar.minam.gob.pe\/tacna\/wp-content\/uploads\/2024\/11\/CARATULA-CAMBIO-CLIMATICOv2-2048x1152.jpg 2048w\" sizes=\"(max-width: 800px) 100vw, 800px\" \/>\t\t\t\t\t\t\t\t\t\t\t\t\t\t\t<\/div>\n\t\t\t\t<\/div>\n\t\t\t\t<div class=\"elementor-element elementor-element-ea6cca2 elementor-align-center elementor-widget elementor-widget-button\" data-id=\"ea6cca2\" data-element_type=\"widget\" data-widget_type=\"button.default\">\n\t\t\t\t<div class=\"elementor-widget-container\">\n\t\t\t\t\t<div class=\"elementor-button-wrapper\">\n\t\t\t<a href=\"https:\/\/sinia.minam.gob.pe\/novedades\/estrategia-regional-cambio-climatico-ercc\" target=\"_blank\" class=\"elementor-button-link elementor-button elementor-size-sm\" role=\"button\">\n\t\t\t\t\t\t<span class=\"elementor-button-content-wrapper\">\n\t\t\t\t\t\t<span class=\"elementor-button-text\">Ver m\u00e1s<\/span>\n\t\t<\/span>\n\t\t\t\t\t<\/a>\n\t\t<\/div>\n\t\t\t\t<\/div>\n\t\t\t\t<\/div>\n\t\t\t\t\t<\/div>\n\t\t<\/div>\n\t\t\t\t<div class=\"elementor-column elementor-col-50 elementor-inner-column elementor-element elementor-element-ef8bc69\" data-id=\"ef8bc69\" data-element_type=\"column\">\n\t\t\t<div class=\"elementor-widget-wrap elementor-element-populated\">\n\t\t\t\t\t\t\t\t<div class=\"elementor-element elementor-element-006e325 elementor-widget elementor-widget-heading\" data-id=\"006e325\" data-element_type=\"widget\" data-widget_type=\"heading.default\">\n\t\t\t\t<div class=\"elementor-widget-container\">\n\t\t\t<h5 class=\"elementor-heading-title elementor-size-default\">Estrategia Regional de Diversidad Biol\u00f3gica - ERDB<\/h5>\t\t<\/div>\n\t\t\t\t<\/div>\n\t\t\t\t<div class=\"elementor-element elementor-element-a86a280 elementor-widget elementor-widget-image\" data-id=\"a86a280\" data-element_type=\"widget\" data-widget_type=\"image.default\">\n\t\t\t\t<div class=\"elementor-widget-container\">\n\t\t\t\t\t\t\t\t\t\t\t\t\t\t\t<img width=\"800\" height=\"450\" src=\"https:\/\/siar.minam.gob.pe\/tacna\/wp-content\/uploads\/2024\/11\/Portada-ERDB-1024x576.jpg\" class=\"attachment-large size-large\" alt=\"\" loading=\"lazy\" srcset=\"https:\/\/siar.minam.gob.pe\/tacna\/wp-content\/uploads\/2024\/11\/Portada-ERDB-1024x576.jpg 1024w, https:\/\/siar.minam.gob.pe\/tacna\/wp-content\/uploads\/2024\/11\/Portada-ERDB-300x169.jpg 300w, https:\/\/siar.minam.gob.pe\/tacna\/wp-content\/uploads\/2024\/11\/Portada-ERDB-768x432.jpg 768w, https:\/\/siar.minam.gob.pe\/tacna\/wp-content\/uploads\/2024\/11\/Portada-ERDB.jpg 1280w\" sizes=\"(max-width: 800px) 100vw, 800px\" \/>\t\t\t\t\t\t\t\t\t\t\t\t\t\t\t<\/div>\n\t\t\t\t<\/div>\n\t\t\t\t<div class=\"elementor-element elementor-element-e188cec elementor-align-center elementor-widget elementor-widget-button\" data-id=\"e188cec\" data-element_type=\"widget\" data-widget_type=\"button.default\">\n\t\t\t\t<div class=\"elementor-widget-container\">\n\t\t\t\t\t<div class=\"elementor-button-wrapper\">\n\t\t\t<a href=\"https:\/\/sinia.minam.gob.pe\/novedades\/estrategia-regional-diversidad-biologica-erdb\" target=\"_blank\" class=\"elementor-button-link elementor-button elementor-size-sm\" role=\"button\">\n\t\t\t\t\t\t<span class=\"elementor-button-content-wrapper\">\n\t\t\t\t\t\t<span class=\"elementor-button-text\">Ver m\u00e1s<\/span>\n\t\t<\/span>\n\t\t\t\t\t<\/a>\n\t\t<\/div>\n\t\t\t\t<\/div>\n\t\t\t\t<\/div>\n\t\t\t\t<div class=\"elementor-element elementor-element-45d3f01 elementor-align-center elementor-widget elementor-widget-button\" data-id=\"45d3f01\" data-element_type=\"widget\" data-widget_type=\"button.default\">\n\t\t\t\t<div class=\"elementor-widget-container\">\n\t\t\t\t\t<div class=\"elementor-button-wrapper\">\n\t\t\t<a href=\"https:\/\/sinia.minam.gob.pe\/normas\/declarar-interes-regional-proceso-elaboracion-estrategia-regional\" target=\"_blank\" class=\"elementor-button-link elementor-button elementor-size-sm\" role=\"button\">\n\t\t\t\t\t\t<span class=\"elementor-button-content-wrapper\">\n\t\t\t\t\t\t<span class=\"elementor-button-text\">Ver OR<\/span>\n\t\t<\/span>\n\t\t\t\t\t<\/a>\n\t\t<\/div>\n\t\t\t\t<\/div>\n\t\t\t\t<\/div>\n\t\t\t\t\t<\/div>\n\t\t<\/div>\n\t\t\t\t\t\t\t<\/div>\n\t\t<\/section>\n\t\t\t\t\t<\/div>\n\t\t<\/div>\n\t\t\t\t\t\t\t<\/div>\n\t\t<\/section>\n\t\t\t\t<section class=\"elementor-section elementor-top-section elementor-element elementor-element-f331fcb elementor-section-boxed elementor-section-height-default elementor-section-height-default\" data-id=\"f331fcb\" data-element_type=\"section\">\n\t\t\t\t\t\t<div class=\"elementor-container elementor-column-gap-default\">\n\t\t\t\t\t<div class=\"elementor-column elementor-col-100 elementor-top-column elementor-element elementor-element-90c07c7\" data-id=\"90c07c7\" data-element_type=\"column\">\n\t\t\t<div class=\"elementor-widget-wrap elementor-element-populated\">\n\t\t\t\t\t\t\t\t<div class=\"elementor-element elementor-element-8a4ed48 elementor-widget elementor-widget-spacer\" data-id=\"8a4ed48\" data-element_type=\"widget\" data-widget_type=\"spacer.default\">\n\t\t\t\t<div class=\"elementor-widget-container\">\n\t\t\t\t\t<div class=\"elementor-spacer\">\n\t\t\t<div class=\"elementor-spacer-inner\"><\/div>\n\t\t<\/div>\n\t\t\t\t<\/div>\n\t\t\t\t<\/div>\n\t\t\t\t\t<\/div>\n\t\t<\/div>\n\t\t\t\t\t\t\t<\/div>\n\t\t<\/section>\n\t\t\t\t<section class=\"elementor-section elementor-top-section elementor-element elementor-element-b349099 elementor-section-boxed elementor-section-height-default elementor-section-height-default\" data-id=\"b349099\" data-element_type=\"section\">\n\t\t\t\t\t\t<div class=\"elementor-container elementor-column-gap-default\">\n\t\t\t\t\t<div class=\"elementor-column elementor-col-100 elementor-top-column elementor-element elementor-element-33078cf\" data-id=\"33078cf\" data-element_type=\"column\">\n\t\t\t<div class=\"elementor-widget-wrap elementor-element-populated\">\n\t\t\t\t\t\t\t\t<div class=\"elementor-element elementor-element-a4b4e64 elementor-hidden-desktop elementor-hidden-tablet elementor-hidden-mobile elementor-widget elementor-widget-heading\" data-id=\"a4b4e64\" data-element_type=\"widget\" data-widget_type=\"heading.default\">\n\t\t\t\t<div class=\"elementor-widget-container\">\n\t\t\t<h2 class=\"elementor-heading-title elementor-size-default\">Plan de Acci\u00f3n<\/h2>\t\t<\/div>\n\t\t\t\t<\/div>\n\t\t\t\t<section class=\"elementor-section elementor-inner-section elementor-element elementor-element-2971f17 elementor-section-boxed elementor-section-height-default elementor-section-height-default\" data-id=\"2971f17\" data-element_type=\"section\">\n\t\t\t\t\t\t<div class=\"elementor-container elementor-column-gap-default\">\n\t\t\t\t\t<div class=\"elementor-column elementor-col-100 elementor-inner-column elementor-element elementor-element-7be42be\" data-id=\"7be42be\" data-element_type=\"column\">\n\t\t\t<div class=\"elementor-widget-wrap elementor-element-populated\">\n\t\t\t\t\t\t\t\t<div class=\"elementor-element elementor-element-95b006b elementor-widget elementor-widget-heading\" data-id=\"95b006b\" data-element_type=\"widget\" data-widget_type=\"heading.default\">\n\t\t\t\t<div class=\"elementor-widget-container\">\n\t\t\t<h5 class=\"elementor-heading-title elementor-size-default\">Plan de Acci\u00f3n Regional de Lucha Contra la Desertificaci\u00f3n y Sequia - PRALCDS<\/h5>\t\t<\/div>\n\t\t\t\t<\/div>\n\t\t\t\t<div class=\"elementor-element elementor-element-a009545 elementor-widget elementor-widget-image\" data-id=\"a009545\" data-element_type=\"widget\" data-widget_type=\"image.default\">\n\t\t\t\t<div class=\"elementor-widget-container\">\n\t\t\t\t\t\t\t\t\t\t\t\t\t\t\t<img width=\"800\" height=\"600\" src=\"https:\/\/siar.minam.gob.pe\/tacna\/wp-content\/uploads\/2024\/11\/desertico-1024x768.jpg\" class=\"attachment-large size-large\" alt=\"\" loading=\"lazy\" srcset=\"https:\/\/siar.minam.gob.pe\/tacna\/wp-content\/uploads\/2024\/11\/desertico-1024x768.jpg 1024w, https:\/\/siar.minam.gob.pe\/tacna\/wp-content\/uploads\/2024\/11\/desertico-300x225.jpg 300w, https:\/\/siar.minam.gob.pe\/tacna\/wp-content\/uploads\/2024\/11\/desertico-768x576.jpg 768w, https:\/\/siar.minam.gob.pe\/tacna\/wp-content\/uploads\/2024\/11\/desertico-1536x1152.jpg 1536w, https:\/\/siar.minam.gob.pe\/tacna\/wp-content\/uploads\/2024\/11\/desertico-2048x1536.jpg 2048w\" sizes=\"(max-width: 800px) 100vw, 800px\" \/>\t\t\t\t\t\t\t\t\t\t\t\t\t\t\t<\/div>\n\t\t\t\t<\/div>\n\t\t\t\t<div class=\"elementor-element elementor-element-23f2e25 elementor-align-center elementor-widget elementor-widget-button\" data-id=\"23f2e25\" data-element_type=\"widget\" data-widget_type=\"button.default\">\n\t\t\t\t<div class=\"elementor-widget-container\">\n\t\t\t\t\t<div class=\"elementor-button-wrapper\">\n\t\t\t<a href=\"https:\/\/sinia.minam.gob.pe\/novedades\/plan-regional-accion-lucha-contra-desertificacion-sequia-pralcds\" target=\"_blank\" class=\"elementor-button-link elementor-button elementor-size-sm\" role=\"button\">\n\t\t\t\t\t\t<span class=\"elementor-button-content-wrapper\">\n\t\t\t\t\t\t<span class=\"elementor-button-text\">Ver m\u00e1s<\/span>\n\t\t<\/span>\n\t\t\t\t\t<\/a>\n\t\t<\/div>\n\t\t\t\t<\/div>\n\t\t\t\t<\/div>\n\t\t\t\t<div class=\"elementor-element elementor-element-41bc79e elementor-align-center elementor-widget elementor-widget-button\" data-id=\"41bc79e\" data-element_type=\"widget\" data-widget_type=\"button.default\">\n\t\t\t\t<div class=\"elementor-widget-container\">\n\t\t\t\t\t<div class=\"elementor-button-wrapper\">\n\t\t\t<a href=\"https:\/\/sinia.minam.gob.pe\/normas\/declarar-interes-regional-proceso-elaboracion-plan-accion-regional-lucha\" target=\"_blank\" class=\"elementor-button-link elementor-button elementor-size-sm\" role=\"button\">\n\t\t\t\t\t\t<span class=\"elementor-button-content-wrapper\">\n\t\t\t\t\t\t<span class=\"elementor-button-text\">Ver OR<\/span>\n\t\t<\/span>\n\t\t\t\t\t<\/a>\n\t\t<\/div>\n\t\t\t\t<\/div>\n\t\t\t\t<\/div>\n\t\t\t\t\t<\/div>\n\t\t<\/div>\n\t\t\t\t\t\t\t<\/div>\n\t\t<\/section>\n\t\t\t\t\t<\/div>\n\t\t<\/div>\n\t\t\t\t\t\t\t<\/div>\n\t\t<\/section>\n\t\t\t\t<section class=\"elementor-section elementor-top-section elementor-element elementor-element-615175b elementor-section-boxed elementor-section-height-default elementor-section-height-default\" data-id=\"615175b\" data-element_type=\"section\">\n\t\t\t\t\t\t<div class=\"elementor-container elementor-column-gap-default\">\n\t\t\t\t\t<div class=\"elementor-column elementor-col-100 elementor-top-column elementor-element elementor-element-fd49b6b\" data-id=\"fd49b6b\" data-element_type=\"column\">\n\t\t\t<div class=\"elementor-widget-wrap elementor-element-populated\">\n\t\t\t\t\t\t\t\t<div class=\"elementor-element elementor-element-cacbdf9 elementor-widget elementor-widget-spacer\" data-id=\"cacbdf9\" data-element_type=\"widget\" data-widget_type=\"spacer.default\">\n\t\t\t\t<div class=\"elementor-widget-container\">\n\t\t\t\t\t<div class=\"elementor-spacer\">\n\t\t\t<div class=\"elementor-spacer-inner\"><\/div>\n\t\t<\/div>\n\t\t\t\t<\/div>\n\t\t\t\t<\/div>\n\t\t\t\t\t<\/div>\n\t\t<\/div>\n\t\t\t\t\t\t\t<\/div>\n\t\t<\/section>\n\t\t\t\t\t\t<\/div>\n\t\t\t\t\t<\/div>\n\t\t","protected":false},"excerpt":{"rendered":"<p>Instrumentos de Gesti\u00f3n Regional Inicio Instrumentos de Gesti\u00f3n Estrategia Estrategia Regional para el Cambio Clim\u00e1tico &#8211; ERCC Ver m\u00e1s Estrategia Regional de Diversidad Biol\u00f3gica &#8211; ERDB Ver m\u00e1s Ver OR Plan de Acci\u00f3n Plan de Acci\u00f3n Regional de Lucha Contra la Desertificaci\u00f3n y Sequia &#8211; PRALCDS Ver m\u00e1s Ver OR<\/p>\n","protected":false},"author":3,"featured_media":0,"parent":0,"menu_order":0,"comment_status":"closed","ping_status":"closed","template":"","meta":[],"yoast_head":"<!-- This site is optimized with the Yoast SEO plugin v18.3 - https:\/\/yoast.com\/wordpress\/plugins\/seo\/ -->\n<title>Instrumentos de Gesti\u00f3n Regional | SIAR Tacna<\/title>\n<meta name=\"robots\" content=\"index, follow, max-snippet:-1, max-image-preview:large, max-video-preview:-1\" \/>\n<link rel=\"canonical\" href=\"https:\/\/siar.minam.gob.pe\/tacna\/instrumentos-gestion\/\" \/>\n<meta property=\"og:locale\" content=\"es_ES\" \/>\n<meta property=\"og:type\" content=\"article\" \/>\n<meta property=\"og:title\" content=\"Instrumentos de Gesti\u00f3n Regional | SIAR Tacna\" \/>\n<meta property=\"og:description\" content=\"Instrumentos de Gesti\u00f3n Regional Inicio Instrumentos de Gesti\u00f3n Estrategia Estrategia Regional para el Cambio Clim\u00e1tico &#8211; ERCC Ver m\u00e1s Estrategia Regional de Diversidad Biol\u00f3gica &#8211; ERDB Ver m\u00e1s Ver OR Plan de Acci\u00f3n Plan de Acci\u00f3n Regional de Lucha Contra la Desertificaci\u00f3n y Sequia &#8211; PRALCDS Ver m\u00e1s Ver OR\" \/>\n<meta property=\"og:url\" content=\"https:\/\/siar.minam.gob.pe\/tacna\/instrumentos-gestion\/\" \/>\n<meta property=\"og:site_name\" content=\"SIAR Tacna\" \/>\n<meta property=\"article:modified_time\" content=\"2025-11-07T13:42:18+00:00\" \/>\n<meta property=\"og:image\" content=\"https:\/\/siar.minam.gob.pe\/tacna\/wp-content\/uploads\/2024\/11\/CARATULA-CAMBIO-CLIMATICOv2-1024x576.jpg\" \/>\n<meta name=\"twitter:card\" content=\"summary_large_image\" \/>\n<meta name=\"twitter:label1\" content=\"Tiempo de lectura\" \/>\n\t<meta name=\"twitter:data1\" content=\"1 minuto\" \/>\n<script type=\"application\/ld+json\" class=\"yoast-schema-graph\">{\"@context\":\"https:\/\/schema.org\",\"@graph\":[{\"@type\":\"Organization\",\"@id\":\"https:\/\/siar.minam.gob.pe\/tacna\/#organization\",\"name\":\"SIAR Tacna\",\"url\":\"https:\/\/siar.minam.gob.pe\/tacna\/\",\"sameAs\":[],\"logo\":{\"@type\":\"ImageObject\",\"@id\":\"https:\/\/siar.minam.gob.pe\/tacna\/#logo\",\"inLanguage\":\"es\",\"url\":\"https:\/\/siar.minam.gob.pe\/tacna\/wp-content\/uploads\/2023\/12\/cropped-cropped-logo-SIAR_1.png\",\"contentUrl\":\"https:\/\/siar.minam.gob.pe\/tacna\/wp-content\/uploads\/2023\/12\/cropped-cropped-logo-SIAR_1.png\",\"width\":864,\"height\":313,\"caption\":\"SIAR Tacna\"},\"image\":{\"@id\":\"https:\/\/siar.minam.gob.pe\/tacna\/#logo\"}},{\"@type\":\"WebSite\",\"@id\":\"https:\/\/siar.minam.gob.pe\/tacna\/#website\",\"url\":\"https:\/\/siar.minam.gob.pe\/tacna\/\",\"name\":\"SIAR Tacna\",\"description\":\"siar tacna\",\"publisher\":{\"@id\":\"https:\/\/siar.minam.gob.pe\/tacna\/#organization\"},\"potentialAction\":[{\"@type\":\"SearchAction\",\"target\":{\"@type\":\"EntryPoint\",\"urlTemplate\":\"https:\/\/siar.minam.gob.pe\/tacna\/?s={search_term_string}\"},\"query-input\":\"required name=search_term_string\"}],\"inLanguage\":\"es\"},{\"@type\":\"ImageObject\",\"@id\":\"https:\/\/siar.minam.gob.pe\/tacna\/instrumentos-gestion\/#primaryimage\",\"inLanguage\":\"es\",\"url\":\"https:\/\/siar.minam.gob.pe\/tacna\/wp-content\/uploads\/2024\/11\/CARATULA-CAMBIO-CLIMATICOv2-scaled.jpg\",\"contentUrl\":\"https:\/\/siar.minam.gob.pe\/tacna\/wp-content\/uploads\/2024\/11\/CARATULA-CAMBIO-CLIMATICOv2-scaled.jpg\",\"width\":2560,\"height\":1440},{\"@type\":\"WebPage\",\"@id\":\"https:\/\/siar.minam.gob.pe\/tacna\/instrumentos-gestion\/#webpage\",\"url\":\"https:\/\/siar.minam.gob.pe\/tacna\/instrumentos-gestion\/\",\"name\":\"Instrumentos de Gesti\u00f3n Regional | SIAR Tacna\",\"isPartOf\":{\"@id\":\"https:\/\/siar.minam.gob.pe\/tacna\/#website\"},\"primaryImageOfPage\":{\"@id\":\"https:\/\/siar.minam.gob.pe\/tacna\/instrumentos-gestion\/#primaryimage\"},\"datePublished\":\"2024-11-25T20:22:48+00:00\",\"dateModified\":\"2025-11-07T13:42:18+00:00\",\"breadcrumb\":{\"@id\":\"https:\/\/siar.minam.gob.pe\/tacna\/instrumentos-gestion\/#breadcrumb\"},\"inLanguage\":\"es\",\"potentialAction\":[{\"@type\":\"ReadAction\",\"target\":[\"https:\/\/siar.minam.gob.pe\/tacna\/instrumentos-gestion\/\"]}]},{\"@type\":\"BreadcrumbList\",\"@id\":\"https:\/\/siar.minam.gob.pe\/tacna\/instrumentos-gestion\/#breadcrumb\",\"itemListElement\":[{\"@type\":\"ListItem\",\"position\":1,\"name\":\"Inicio\",\"item\":\"https:\/\/siar.minam.gob.pe\/tacna\/\"},{\"@type\":\"ListItem\",\"position\":2,\"name\":\"Instrumentos de Gesti\u00f3n Regional\"}]}]}<\/script>\n<!-- \/ Yoast SEO plugin. -->","yoast_head_json":{"title":"Instrumentos de Gesti\u00f3n Regional | SIAR Tacna","robots":{"index":"index","follow":"follow","max-snippet":"max-snippet:-1","max-image-preview":"max-image-preview:large","max-video-preview":"max-video-preview:-1"},"canonical":"https:\/\/siar.minam.gob.pe\/tacna\/instrumentos-gestion\/","og_locale":"es_ES","og_type":"article","og_title":"Instrumentos de Gesti\u00f3n Regional | SIAR Tacna","og_description":"Instrumentos de Gesti\u00f3n Regional Inicio Instrumentos de Gesti\u00f3n Estrategia Estrategia Regional para el Cambio Clim\u00e1tico &#8211; ERCC Ver m\u00e1s Estrategia Regional de Diversidad Biol\u00f3gica &#8211; ERDB Ver m\u00e1s Ver OR Plan de Acci\u00f3n Plan de Acci\u00f3n Regional de Lucha Contra la Desertificaci\u00f3n y Sequia &#8211; PRALCDS Ver m\u00e1s Ver OR","og_url":"https:\/\/siar.minam.gob.pe\/tacna\/instrumentos-gestion\/","og_site_name":"SIAR Tacna","article_modified_time":"2025-11-07T13:42:18+00:00","og_image":[{"url":"https:\/\/siar.minam.gob.pe\/tacna\/wp-content\/uploads\/2024\/11\/CARATULA-CAMBIO-CLIMATICOv2-1024x576.jpg"}],"twitter_card":"summary_large_image","twitter_misc":{"Tiempo de lectura":"1 minuto"},"schema":{"@context":"https:\/\/schema.org","@graph":[{"@type":"Organization","@id":"https:\/\/siar.minam.gob.pe\/tacna\/#organization","name":"SIAR Tacna","url":"https:\/\/siar.minam.gob.pe\/tacna\/","sameAs":[],"logo":{"@type":"ImageObject","@id":"https:\/\/siar.minam.gob.pe\/tacna\/#logo","inLanguage":"es","url":"https:\/\/siar.minam.gob.pe\/tacna\/wp-content\/uploads\/2023\/12\/cropped-cropped-logo-SIAR_1.png","contentUrl":"https:\/\/siar.minam.gob.pe\/tacna\/wp-content\/uploads\/2023\/12\/cropped-cropped-logo-SIAR_1.png","width":864,"height":313,"caption":"SIAR Tacna"},"image":{"@id":"https:\/\/siar.minam.gob.pe\/tacna\/#logo"}},{"@type":"WebSite","@id":"https:\/\/siar.minam.gob.pe\/tacna\/#website","url":"https:\/\/siar.minam.gob.pe\/tacna\/","name":"SIAR Tacna","description":"siar tacna","publisher":{"@id":"https:\/\/siar.minam.gob.pe\/tacna\/#organization"},"potentialAction":[{"@type":"SearchAction","target":{"@type":"EntryPoint","urlTemplate":"https:\/\/siar.minam.gob.pe\/tacna\/?s={search_term_string}"},"query-input":"required name=search_term_string"}],"inLanguage":"es"},{"@type":"ImageObject","@id":"https:\/\/siar.minam.gob.pe\/tacna\/instrumentos-gestion\/#primaryimage","inLanguage":"es","url":"https:\/\/siar.minam.gob.pe\/tacna\/wp-content\/uploads\/2024\/11\/CARATULA-CAMBIO-CLIMATICOv2-scaled.jpg","contentUrl":"https:\/\/siar.minam.gob.pe\/tacna\/wp-content\/uploads\/2024\/11\/CARATULA-CAMBIO-CLIMATICOv2-scaled.jpg","width":2560,"height":1440},{"@type":"WebPage","@id":"https:\/\/siar.minam.gob.pe\/tacna\/instrumentos-gestion\/#webpage","url":"https:\/\/siar.minam.gob.pe\/tacna\/instrumentos-gestion\/","name":"Instrumentos de Gesti\u00f3n Regional | SIAR Tacna","isPartOf":{"@id":"https:\/\/siar.minam.gob.pe\/tacna\/#website"},"primaryImageOfPage":{"@id":"https:\/\/siar.minam.gob.pe\/tacna\/instrumentos-gestion\/#primaryimage"},"datePublished":"2024-11-25T20:22:48+00:00","dateModified":"2025-11-07T13:42:18+00:00","breadcrumb":{"@id":"https:\/\/siar.minam.gob.pe\/tacna\/instrumentos-gestion\/#breadcrumb"},"inLanguage":"es","potentialAction":[{"@type":"ReadAction","target":["https:\/\/siar.minam.gob.pe\/tacna\/instrumentos-gestion\/"]}]},{"@type":"BreadcrumbList","@id":"https:\/\/siar.minam.gob.pe\/tacna\/instrumentos-gestion\/#breadcrumb","itemListElement":[{"@type":"ListItem","position":1,"name":"Inicio","item":"https:\/\/siar.minam.gob.pe\/tacna\/"},{"@type":"ListItem","position":2,"name":"Instrumentos de Gesti\u00f3n Regional"}]}]}},"_links":{"self":[{"href":"https:\/\/siar.minam.gob.pe\/tacna\/wp-json\/wp\/v2\/pages\/4989"}],"collection":[{"href":"https:\/\/siar.minam.gob.pe\/tacna\/wp-json\/wp\/v2\/pages"}],"about":[{"href":"https:\/\/siar.minam.gob.pe\/tacna\/wp-json\/wp\/v2\/types\/page"}],"author":[{"embeddable":true,"href":"https:\/\/siar.minam.gob.pe\/tacna\/wp-json\/wp\/v2\/users\/3"}],"replies":[{"embeddable":true,"href":"https:\/\/siar.minam.gob.pe\/tacna\/wp-json\/wp\/v2\/comments?post=4989"}],"version-history":[{"count":52,"href":"https:\/\/siar.minam.gob.pe\/tacna\/wp-json\/wp\/v2\/pages\/4989\/revisions"}],"predecessor-version":[{"id":5473,"href":"https:\/\/siar.minam.gob.pe\/tacna\/wp-json\/wp\/v2\/pages\/4989\/revisions\/5473"}],"wp:attachment":[{"href":"https:\/\/siar.minam.gob.pe\/tacna\/wp-json\/wp\/v2\/media?parent=4989"}],"curies":[{"name":"wp","href":"https:\/\/api.w.org\/{rel}","templated":true}]}}